{"id":138,"date":"2018-01-15T13:35:22","date_gmt":"2018-01-15T12:35:22","guid":{"rendered":"https:\/\/www.vievaldis.com\/valdisere\/?page_id=138"},"modified":"2026-01-26T15:29:38","modified_gmt":"2026-01-26T14:29:38","slug":"logements","status":"publish","type":"page","link":"https:\/\/www.vievaldis.com\/valdisere\/logements\/","title":{"rendered":"Logements"},"content":{"rendered":"<h2><strong>Assurer mon logement saisonnier<\/strong><\/h2>\n<p>Vous \u00eates log\u00e9\u00b7e\u00b7s par votre employeur et celui-ci vous demande d\u2019assurer votre logement.<\/p>\n<p>La MACIF propose une <a href=\"https:\/\/www.macif.fr\/assurance\/particuliers\/assurance-habitation-et-vie-quotidienne\/assurance-logement-etudiant\" target=\"_blank\" rel=\"noopener\">assurance habitation<\/a><\/p>\n<p>Avec des garanties d\u2019assurance sp\u00e9cifiques pour les \u00e9tudiants, les apprentis mais aussi les jeunes en service civique, le contrat Macif Habitation permet d\u2019assurer leur logement et leur protection individuelle.<\/p>\n<p>Pour souscrire 2 solutions :<\/p>\n<ul>\n<li>Souscription en ligne <a href=\"https:\/\/www.macif.fr\/assurance\/particuliers\/assurance-habitation-et-vie-quotidienne\/assurance-logement-etudiant\" target=\"_blank\" rel=\"noopener\">ici<\/a><\/li>\n<li>Souscription avec le formulaire ci-dessous \u00e0 t\u00e9l\u00e9charger, compl\u00e9ter et retourner \u00e0 l\u2019adresse mail suivante <a href=\"mailto:albertville@macif.fr\">albertville@macif.fr<\/a><\/li>\n<\/ul>\n<p><a href=\"https:\/\/www.vievaldis.com\/valdisere\/wp-content\/uploads\/2024\/11\/Demande-assurance-habitation-saisonniere-MACIF.pdf\" target=\"_blank\" rel=\"noopener\">https:\/\/www.vievaldis.com\/valdisere\/wp-content\/uploads\/2024\/11\/Demande-assurance-habitation-saisonniere-MACIF.pdf<\/a><\/p>\n<p>&nbsp;<\/p>\n<h2>DOMICILIATION<\/h2>\n<p><strong><a href=\"https:\/\/www.vievaldis.com\/valdisere\/wp-content\/uploads\/2026\/01\/Domiciliation-saisonniers-2024.pdf\" target=\"_blank\" rel=\"noopener\"><img loading=\"lazy\" class=\"size-thumbnail wp-image-10527 alignleft\" src=\"https:\/\/www.vievaldis.com\/valdisere\/wp-content\/uploads\/2026\/01\/Domiciliation-saisonniers-2024-150x150.jpg\" alt=\"\" width=\"150\" height=\"150\" \/><\/a>Je suis saisonnier et je n\u2019ai pas de domicile stable : La domiciliation<\/strong> <strong>est un droit\u00a0<\/strong>qui permet aux personnes sans domicile stable de disposer d\u2019une adresse pour recevoir du courrier et b\u00e9n\u00e9ficier des aides et prestations sociales auxquelles elles peuvent pr\u00e9tendre. <strong>La domiciliation est une n\u00e9cessit\u00e9 qui constitue un \u00e9l\u00e9ment essentiel de la lutte contre le non-recours aux droits.<\/strong><\/p>\n<p><a href=\"https:\/\/solidarites.gouv.fr\/domiciliation-des-personnes-sans-domicile-stable#anchor-navigation-458\">https:\/\/solidarites.gouv.fr\/domiciliation-des-personnes-sans-domicile-stable#anchor-navigation-458<\/a><\/p>\n<p>Le CCAS (Centre Communal d\u2019Action Sociale) de Val d\u2019Is\u00e8re vous accompagne dans votre d\u00e9marche.<\/p>\n<p><a href=\"mailto:ccas@valdisere.fr\">ccas@valdisere.fr<\/a> \/ 04 79 06 73 97 \u2013 06 38 59 04 42<\/p>\n<h2><\/h2>\n<h2>Se loger<\/h2>\n<p>La question du logement est une probl\u00e9matique majeure pour la station. Malheureusement, notre association n\u2019a aucune offre de logement \u00e0 vous proposer.<\/p>\n<p><strong>Le co\u00fbt du logement est en moyenne tr\u00e8s \u00e9lev\u00e9 sur la station de Val d\u2019Is\u00e8re.<\/strong><\/p>\n<p><strong>Nous vous conseillons donc de bien vous renseigner avant votre arriv\u00e9e et il est pr\u00e9f\u00e9rable de trouver un emploi log\u00e9 sur la station.<\/strong><\/p>\n<p>Si cela ne peut \u00eatre votre cas, nous vous conseillons de consulter les r\u00e9seaux sociaux (Facebook) comme :<\/p>\n<ul>\n<li>\u00ab <a href=\"https:\/\/www.facebook.com\/groups\/537691056321324\" target=\"_blank\" rel=\"noopener\">les saisonniers de Val d\u2019Is\u00e8re<\/a> \u00bb<\/li>\n<li>\u00ab<a href=\"https:\/\/www.facebook.com\/groups\/276598695877176\" target=\"_blank\" rel=\"noopener\">Val D&rsquo;Isere Seasonaires<\/a> \u00bb<\/li>\n<\/ul>\n<p>Vous pouvez \u00e9galement \u00e9largir votre recherche sur les communes voisines comme Tignes.<\/p>\n<p>Enfin, vous pouvez d\u00e9poser des demandes de logements dans le parc social aux deux organismes ci-dessous\u00a0:<\/p>\n<ul>\n<li>La Sacoval \u00a0\u00a0\u00a0\u00a0\u00a0 <a href=\"https:\/\/www.sacoval.fr\/formulaires\">https:\/\/www.sacoval.fr\/formulaires<\/a><\/li>\n<li>L\u2019OPAC\u00a0\u00a0\u00a0\u00a0\u00a0\u00a0\u00a0\u00a0\u00a0\u00a0\u00a0 <a href=\"https:\/\/www.opac-savoie.fr\/rechercher-une-location\/faire-une-demande-de-logement\/\">https:\/\/www.opac-savoie.fr\/rechercher-une-location\/faire-une-demande-de-logement\/<\/a><\/li>\n<\/ul>\n<p>Bon courage dans vos recherches<\/p>\n<p>&nbsp;<\/p>\n","protected":false},"excerpt":{"rendered":"<p>Assurer mon logement saisonnier Vous \u00eates log\u00e9\u00b7e\u00b7s par votre employeur et celui-ci vous demande d\u2019assurer votre logement. La MACIF propose une assurance habitation Avec des garanties d\u2019assurance sp\u00e9cifiques pour les \u00e9tudiants, les&#8230;<\/p>\n","protected":false},"author":1,"featured_media":0,"parent":0,"menu_order":0,"comment_status":"closed","ping_status":"closed","template":"","meta":[],"_links":{"self":[{"href":"https:\/\/www.vievaldis.com\/valdisere\/wp-json\/wp\/v2\/pages\/138"}],"collection":[{"href":"https:\/\/www.vievaldis.com\/valdisere\/wp-json\/wp\/v2\/pages"}],"about":[{"href":"https:\/\/www.vievaldis.com\/valdisere\/wp-json\/wp\/v2\/types\/page"}],"author":[{"embeddable":true,"href":"https:\/\/www.vievaldis.com\/valdisere\/wp-json\/wp\/v2\/users\/1"}],"replies":[{"embeddable":true,"href":"https:\/\/www.vievaldis.com\/valdisere\/wp-json\/wp\/v2\/comments?post=138"}],"version-history":[{"count":146,"href":"https:\/\/www.vievaldis.com\/valdisere\/wp-json\/wp\/v2\/pages\/138\/revisions"}],"predecessor-version":[{"id":10528,"href":"https:\/\/www.vievaldis.com\/valdisere\/wp-json\/wp\/v2\/pages\/138\/revisions\/10528"}],"wp:attachment":[{"href":"https:\/\/www.vievaldis.com\/valdisere\/wp-json\/wp\/v2\/media?parent=138"}],"curies":[{"name":"wp","href":"https:\/\/api.w.org\/{rel}","templated":true}]}}