{"id":4385,"date":"2021-08-31T16:28:03","date_gmt":"2021-08-31T14:28:03","guid":{"rendered":"https:\/\/www.vievaldis.com\/valdisere\/?page_id=4385"},"modified":"2026-04-01T19:05:37","modified_gmt":"2026-04-01T17:05:37","slug":"la-friperie","status":"publish","type":"page","link":"https:\/\/www.vievaldis.com\/valdisere\/la-friperie\/","title":{"rendered":"La friperie"},"content":{"rendered":"<h2 style=\"text-align: center;\"><span style=\"color: #ff0000;\">LE MAGASIN SOLIDAIRE EST RESERVE A NOS ADHERENT.ES UNIQUEMENT<\/span><\/h2>\n<h3>Le co\u00fbt de la vie en station et la difficult\u00e9 d&rsquo;installation pour les nouveaux arrivants saisonnier.es comme habitant.es \u00e0 l&rsquo;ann\u00e9e est une r\u00e9alit\u00e9.<\/h3>\n<h4>Dans ce contexte, l\u2019association a cr\u00e9\u00e9 une friperie.<\/h4>\n<p>Cette initiative a pour but de r\u00e9utiliser, r\u00e9employer et recycler vos objets en leur donnant une seconde vie.<\/p>\n<p>Sur le principe des ressourceries, la friperie r\u00e9colte les v\u00eatements d&rsquo;hiver r\u00e9cents, le linge de maison, les ustensiles de cuisine, le mat\u00e9riel de ski&#8230;<\/p>\n<h3><span style=\"color: #ff0000;\"><strong>POUR TOUT DEPOT MERCI DE NOUS APPELER AVANT !!!<\/strong><\/span><\/h3>\n<h3><strong>POUR DES RAISONS DE SECURITE, NOUS N&rsquo;ACCEPTONS PAS LES<\/strong>\u00a0CASQUES<strong>.<\/strong><\/h3>\n<p>Les dons r\u00e9cup\u00e9r\u00e9s,\u00a0 propres et en bon \u00e9tat sont ensuite revendus \u00e0 un prix symbolique fix\u00e9 entre 1 et 50\u20ac.<\/p>\n<p>Notre local se trouve \u00e0 la Maison de Val, ouvert \u00e0 l&rsquo;ann\u00e9e, pendant les <a href=\"https:\/\/www.vievaldis.com\/valdisere\/vievaldis\/\" target=\"_blank\" rel=\"noopener\">horaires d&rsquo;ouverture<\/a> de Vie Val d&rsquo;Is.<\/p>\n<p>&nbsp;<\/p>\n<h3>Parce que nous ne sommes pas en capacit\u00e9 de r\u00e9parer dans un premier temps, et que certains objets sont d\u00e9suets,\u00a0<strong>nous n\u2019acceptons que les objets en bon \u00e9tat et en \u00e9tat de fonctionnement<\/strong>.<\/h3>\n<h3>Posez-vous la question \u00ab\u00a0<em>est-ce que j\u2019ach\u00e8terais cet objet si j\u2019en avais besoin\u00a0?<\/em>\u00a0\u00bb. Si la r\u00e9ponse est non, alors sa place n\u2019est pas chez nous.<\/h3>\n<p>&nbsp;<\/p>\n<p><img loading=\"lazy\" class=\"wp-image-8827 alignleft\" src=\"https:\/\/www.vievaldis.com\/valdisere\/wp-content\/uploads\/2024\/06\/WhatsApp-Image-2024-04-23-a-09.34.38_794fd404.jpg\" alt=\"\" width=\"349\" height=\"262\" srcset=\"https:\/\/www.vievaldis.com\/valdisere\/wp-content\/uploads\/2024\/06\/WhatsApp-Image-2024-04-23-a-09.34.38_794fd404.jpg 2000w, https:\/\/www.vievaldis.com\/valdisere\/wp-content\/uploads\/2024\/06\/WhatsApp-Image-2024-04-23-a-09.34.38_794fd404-300x225.jpg 300w, https:\/\/www.vievaldis.com\/valdisere\/wp-content\/uploads\/2024\/06\/WhatsApp-Image-2024-04-23-a-09.34.38_794fd404-1024x768.jpg 1024w, https:\/\/www.vievaldis.com\/valdisere\/wp-content\/uploads\/2024\/06\/WhatsApp-Image-2024-04-23-a-09.34.38_794fd404-768x576.jpg 768w, https:\/\/www.vievaldis.com\/valdisere\/wp-content\/uploads\/2024\/06\/WhatsApp-Image-2024-04-23-a-09.34.38_794fd404-1536x1152.jpg 1536w\" sizes=\"(max-width: 349px) 100vw, 349px\" \/><img loading=\"lazy\" class=\"wp-image-8828 alignleft\" src=\"https:\/\/www.vievaldis.com\/valdisere\/wp-content\/uploads\/2024\/06\/WhatsApp-Image-2024-04-23-a-09.34.39_bf5caad3.jpg\" alt=\"\" width=\"352\" height=\"264\" srcset=\"https:\/\/www.vievaldis.com\/valdisere\/wp-content\/uploads\/2024\/06\/WhatsApp-Image-2024-04-23-a-09.34.39_bf5caad3.jpg 2000w, https:\/\/www.vievaldis.com\/valdisere\/wp-content\/uploads\/2024\/06\/WhatsApp-Image-2024-04-23-a-09.34.39_bf5caad3-300x225.jpg 300w, https:\/\/www.vievaldis.com\/valdisere\/wp-content\/uploads\/2024\/06\/WhatsApp-Image-2024-04-23-a-09.34.39_bf5caad3-1024x768.jpg 1024w, https:\/\/www.vievaldis.com\/valdisere\/wp-content\/uploads\/2024\/06\/WhatsApp-Image-2024-04-23-a-09.34.39_bf5caad3-768x576.jpg 768w, https:\/\/www.vievaldis.com\/valdisere\/wp-content\/uploads\/2024\/06\/WhatsApp-Image-2024-04-23-a-09.34.39_bf5caad3-1536x1152.jpg 1536w\" sizes=\"(max-width: 352px) 100vw, 352px\" \/><\/p>\n<p>&nbsp;<\/p>\n","protected":false},"excerpt":{"rendered":"<p>LE MAGASIN SOLIDAIRE EST RESERVE A NOS ADHERENT.ES UNIQUEMENT Le co\u00fbt de la vie en station et la difficult\u00e9 d&rsquo;installation pour les nouveaux arrivants saisonnier.es comme habitant.es \u00e0 l&rsquo;ann\u00e9e est une r\u00e9alit\u00e9&#8230;.<\/p>\n","protected":false},"author":1,"featured_media":0,"parent":0,"menu_order":0,"comment_status":"closed","ping_status":"closed","template":"","meta":[],"_links":{"self":[{"href":"https:\/\/www.vievaldis.com\/valdisere\/wp-json\/wp\/v2\/pages\/4385"}],"collection":[{"href":"https:\/\/www.vievaldis.com\/valdisere\/wp-json\/wp\/v2\/pages"}],"about":[{"href":"https:\/\/www.vievaldis.com\/valdisere\/wp-json\/wp\/v2\/types\/page"}],"author":[{"embeddable":true,"href":"https:\/\/www.vievaldis.com\/valdisere\/wp-json\/wp\/v2\/users\/1"}],"replies":[{"embeddable":true,"href":"https:\/\/www.vievaldis.com\/valdisere\/wp-json\/wp\/v2\/comments?post=4385"}],"version-history":[{"count":19,"href":"https:\/\/www.vievaldis.com\/valdisere\/wp-json\/wp\/v2\/pages\/4385\/revisions"}],"predecessor-version":[{"id":10692,"href":"https:\/\/www.vievaldis.com\/valdisere\/wp-json\/wp\/v2\/pages\/4385\/revisions\/10692"}],"wp:attachment":[{"href":"https:\/\/www.vievaldis.com\/valdisere\/wp-json\/wp\/v2\/media?parent=4385"}],"curies":[{"name":"wp","href":"https:\/\/api.w.org\/{rel}","templated":true}]}}